{"id":14722,"date":"2008-06-11T22:59:03","date_gmt":"2008-06-11T22:59:03","guid":{"rendered":"http:\/\/studiolegalegalasso.it\/agency-layout-2\/?lang=en"},"modified":"2024-09-26T13:58:25","modified_gmt":"2024-09-26T11:58:25","slug":"agency-layout-2","status":"publish","type":"page","link":"https:\/\/studiolegalegalasso.it\/en\/","title":{"rendered":"Home"},"content":{"rendered":"<!--themify_builder_content-->\n<div id=\"themify_builder_content-14722\" data-postid=\"14722\" class=\"themify_builder_content themify_builder_content-14722 themify_builder tf_clear\">\n                    <div  data-lazy=\"1\" class=\"module_row themify_builder_row tb_bil3255 tb_first tf_w\">\n                        <div class=\"row_inner col_align_top tb_col_count_1 tf_box tf_rel\">\n                        <div  data-lazy=\"1\" class=\"module_column tb-column col-full tb_894b400 first\">\n                    <div  class=\"module themify_builder_slider_wrap tf_clearfix module-slider tb_nq9d025  slider-default  slide-image-fullwidth\" data-lazy=\"1\">\n        <div class=\"themify_builder_slider tf_carousel tf_swiper-container tf_rel tf_overflow\" data-lazy=\"1\"        data-visible=\"1\"\n        data-tab-visible=\"1\"\n        data-mob-visible=\"1\"\n        data-scroll=\"1\"\n                            data-auto=\"3000\"\n            data-controller=\"0\"\n                data-pause_hover=\"1\"\n        data-speed=\"normal\"\n        data-wrapvar=\"1\"\n        data-slider_nav=\"0\"\n        data-pager=\"0\"\n        data-effect=\"fade\"\n        data-height=\"variable\"\n        data-css_url=\"https:\/\/studiolegalegalasso.it\/wp-content\/themes\/magazine\/themify\/themify-builder\/css\/modules\/sliders\/carousel,https:\/\/studiolegalegalasso.it\/wp-content\/themes\/magazine\/themify\/themify-builder\/css\/modules\/sliders\/slider\"\n                    >\n        <div class=\"tf_swiper-wrapper tf_lazy tf_rel tf_w tf_h tf_textc\">\n                         <div class=\"tf_swiper-slide\">            <div class=\"slide-inner-wrap\">\n                                    <div class=\"tf_rel tf_lazy slide-image\">\n                                                                            <a href=\"https:\/\/studiolegalegalasso.it\/larticolo-di-licia-damico\/\"  target=\"_blank\" rel=\"noopener\">\n                                <img decoding=\"async\" src=\"https:\/\/studiolegalegalasso.it\/wp-content\/uploads\/2024\/02\/1697212185620-1064x532.jpg\" width=\"1064\" height=\"532\" class=\"wp-post-image wp-image-21253\" title=\"1697212185620\" alt=\"1697212185620\" srcset=\"https:\/\/studiolegalegalasso.it\/wp-content\/uploads\/2024\/02\/1697212185620-1064x532.jpg 1064w, https:\/\/studiolegalegalasso.it\/wp-content\/uploads\/2024\/02\/1697212185620-300x150.jpg 300w, https:\/\/studiolegalegalasso.it\/wp-content\/uploads\/2024\/02\/1697212185620-768x384.jpg 768w, https:\/\/studiolegalegalasso.it\/wp-content\/uploads\/2024\/02\/1697212185620.jpg 1024w\" sizes=\"(max-width: 1064px) 100vw, 1064px\" \/>                            <\/a>\n                                            <\/div>\n                \n                            <\/div>\n        <\/div>                     <div class=\"tf_swiper-slide\" style=\"content-visibility:hidden\">            <div class=\"slide-inner-wrap\">\n                                    <div class=\"tf_rel tf_lazy slide-image\">\n                                                                            <a href=\"https:\/\/studiolegalegalasso.it\/save-the-date-18-ottobre-2023-ore-1800-universita-degli-studio-di-palermo\/\"  target=\"_blank\" rel=\"noopener\">\n                                <img decoding=\"async\" src=\"https:\/\/studiolegalegalasso.it\/wp-content\/uploads\/2024\/02\/Tra-le-colonne-1-1064x532.jpg\" width=\"1064\" height=\"532\" class=\"wp-post-image wp-image-21287\" title=\"Tra-le-colonne\" alt=\"Tra-le-colonne\" srcset=\"https:\/\/studiolegalegalasso.it\/wp-content\/uploads\/2024\/02\/Tra-le-colonne-1-1064x532.jpg 1064w, https:\/\/studiolegalegalasso.it\/wp-content\/uploads\/2024\/02\/Tra-le-colonne-1-300x150.jpg 300w, https:\/\/studiolegalegalasso.it\/wp-content\/uploads\/2024\/02\/Tra-le-colonne-1-768x384.jpg 768w, https:\/\/studiolegalegalasso.it\/wp-content\/uploads\/2024\/02\/Tra-le-colonne-1.jpg 1024w\" sizes=\"(max-width: 1064px) 100vw, 1064px\" \/>                            <\/a>\n                                            <\/div>\n                \n                            <\/div>\n        <\/div>                     <div class=\"tf_swiper-slide\" style=\"content-visibility:hidden\">            <div class=\"slide-inner-wrap\">\n                                    <div class=\"tf_rel tf_lazy slide-image\">\n                                                                            <a href=\"https:\/\/studiolegalegalasso.it\/la-provincia-di-frosinone-ed-il-convegno-del-15-novembre-2022\/\"  target=\"_blank\" rel=\"noopener\">\n                                <img decoding=\"async\" src=\"https:\/\/studiolegalegalasso.it\/wp-content\/uploads\/2022\/11\/Slide-Codice-Rosso-1024x512-1064x532.jpg\" width=\"1064\" height=\"532\" class=\"wp-post-image wp-image-20219\" title=\"Slide-Codice-Rosso\" alt=\"Slide-Codice-Rosso\" srcset=\"https:\/\/studiolegalegalasso.it\/wp-content\/uploads\/2022\/11\/Slide-Codice-Rosso-1024x512-1064x532.jpg 1064w, https:\/\/studiolegalegalasso.it\/wp-content\/uploads\/2022\/11\/Slide-Codice-Rosso-300x150.jpg 300w, https:\/\/studiolegalegalasso.it\/wp-content\/uploads\/2022\/11\/Slide-Codice-Rosso-1024x512.jpg 1024w, https:\/\/studiolegalegalasso.it\/wp-content\/uploads\/2022\/11\/Slide-Codice-Rosso-768x384.jpg 768w, https:\/\/studiolegalegalasso.it\/wp-content\/uploads\/2022\/11\/Slide-Codice-Rosso.jpg 1200w\" sizes=\"(max-width: 1064px) 100vw, 1064px\" \/>                            <\/a>\n                                            <\/div>\n                \n                            <\/div>\n        <\/div>                     <div class=\"tf_swiper-slide\" style=\"content-visibility:hidden\">            <div class=\"slide-inner-wrap\">\n                                    <div class=\"tf_rel tf_lazy slide-image\">\n                                                                            <img decoding=\"async\" src=\"https:\/\/studiolegalegalasso.it\/wp-content\/uploads\/2022\/02\/Art-11-costituzione-1024x529-1064x550.jpg\" width=\"1064\" height=\"550\" class=\"wp-post-image wp-image-19668\" title=\"Art-11-costituzione\" alt=\"Art-11-costituzione\" srcset=\"https:\/\/studiolegalegalasso.it\/wp-content\/uploads\/2022\/02\/Art-11-costituzione.jpg 1064w, https:\/\/studiolegalegalasso.it\/wp-content\/uploads\/2022\/02\/Art-11-costituzione-300x155.jpg 300w, https:\/\/studiolegalegalasso.it\/wp-content\/uploads\/2022\/02\/Art-11-costituzione-1024x529.jpg 1024w, https:\/\/studiolegalegalasso.it\/wp-content\/uploads\/2022\/02\/Art-11-costituzione-768x397.jpg 768w\" sizes=\"(max-width: 1064px) 100vw, 1064px\" \/>                                            <\/div>\n                \n                            <\/div>\n        <\/div>                     <div class=\"tf_swiper-slide\" style=\"content-visibility:hidden\">            <div class=\"slide-inner-wrap\">\n                                    <div class=\"tf_rel tf_lazy slide-image\">\n                                                                            <a href=\"https:\/\/studiolegalegalasso.it\/speciale-marianna-manduca\/\"  target=\"_blank\" rel=\"noopener\">\n                                <img decoding=\"async\" src=\"https:\/\/studiolegalegalasso.it\/wp-content\/uploads\/2020\/04\/Schermata-2020-04-09-alle-17.50.50-1024x528-1064x548.png\" width=\"1064\" height=\"548\" class=\"wp-post-image wp-image-17854\" title=\"Schermata 2020-04-09 alle 17.50.50\" alt=\"Schermata 2020-04-09 alle 17.50.50\" srcset=\"https:\/\/studiolegalegalasso.it\/wp-content\/uploads\/2020\/04\/Schermata-2020-04-09-alle-17.50.50-1024x528-1064x548.png 1064w, https:\/\/studiolegalegalasso.it\/wp-content\/uploads\/2020\/04\/Schermata-2020-04-09-alle-17.50.50-300x155.png 300w, https:\/\/studiolegalegalasso.it\/wp-content\/uploads\/2020\/04\/Schermata-2020-04-09-alle-17.50.50-1024x528.png 1024w, https:\/\/studiolegalegalasso.it\/wp-content\/uploads\/2020\/04\/Schermata-2020-04-09-alle-17.50.50-768x396.png 768w, https:\/\/studiolegalegalasso.it\/wp-content\/uploads\/2020\/04\/Schermata-2020-04-09-alle-17.50.50.png 1204w\" sizes=\"(max-width: 1064px) 100vw, 1064px\" \/>                            <\/a>\n                                            <\/div>\n                \n                            <\/div>\n        <\/div>                     <div class=\"tf_swiper-slide\" style=\"content-visibility:hidden\">            <div class=\"slide-inner-wrap\">\n                                    <div class=\"tf_rel tf_lazy slide-image\">\n                                                                            <a href=\"https:\/\/studiolegalegalasso.it\/speciale-marianna-manduca\/\"  target=\"_blank\" rel=\"noopener\">\n                                <img decoding=\"async\" src=\"https:\/\/studiolegalegalasso.it\/wp-content\/uploads\/2008\/06\/Associazione-insieme-a-Marianna-1024x529-1064x550.jpg\" width=\"1064\" height=\"550\" class=\"wp-post-image wp-image-21517\" title=\"Associazione-insieme-a-Marianna\" alt=\"Associazione-insieme-a-Marianna\" srcset=\"https:\/\/studiolegalegalasso.it\/wp-content\/uploads\/2008\/06\/Associazione-insieme-a-Marianna.jpg 1064w, https:\/\/studiolegalegalasso.it\/wp-content\/uploads\/2008\/06\/Associazione-insieme-a-Marianna-300x155.jpg 300w, https:\/\/studiolegalegalasso.it\/wp-content\/uploads\/2008\/06\/Associazione-insieme-a-Marianna-768x397.jpg 768w, https:\/\/studiolegalegalasso.it\/wp-content\/uploads\/2008\/06\/Associazione-insieme-a-Marianna-1024x529.jpg 1024w\" sizes=\"(max-width: 1064px) 100vw, 1064px\" \/>                            <\/a>\n                                            <\/div>\n                \n                            <\/div>\n        <\/div>                     <div class=\"tf_swiper-slide\" style=\"content-visibility:hidden\">            <div class=\"slide-inner-wrap\">\n                                    <div class=\"tf_rel tf_lazy slide-image\">\n                                                                            <img decoding=\"async\" src=\"https:\/\/studiolegalegalasso.it\/wp-content\/uploads\/2008\/06\/Galasso-53b-1064x550.jpg\" width=\"1064\" height=\"550\" class=\"wp-post-image wp-image-14511\" title=\"Galasso-53b\" alt=\"Galasso-53b\" srcset=\"https:\/\/studiolegalegalasso.it\/wp-content\/uploads\/2008\/06\/Galasso-53b-1064x550.jpg 1064w, https:\/\/studiolegalegalasso.it\/wp-content\/uploads\/2008\/06\/Galasso-53b-300x155.jpg 300w, https:\/\/studiolegalegalasso.it\/wp-content\/uploads\/2008\/06\/Galasso-53b.jpg 615w\" sizes=\"(max-width: 1064px) 100vw, 1064px\" \/>                                            <\/div>\n                \n                            <\/div>\n        <\/div>                     <div class=\"tf_swiper-slide\" style=\"content-visibility:hidden\">            <div class=\"slide-inner-wrap\">\n                                    <div class=\"tf_rel tf_lazy slide-image\">\n                                                                            <img decoding=\"async\" src=\"https:\/\/studiolegalegalasso.it\/wp-content\/uploads\/2015\/11\/Studio-Legale-Galasso-Processo-Mafia-Capitale-1024x533-1064x554.jpg\" width=\"1064\" height=\"554\" class=\"wp-post-image wp-image-14673\" title=\"Studio Legale Galasso Processo Mafia Capitale\" alt=\"Studio Legale Galasso Processo Mafia Capitale\" srcset=\"https:\/\/studiolegalegalasso.it\/wp-content\/uploads\/2015\/11\/Studio-Legale-Galasso-Processo-Mafia-Capitale.jpg 1064w, https:\/\/studiolegalegalasso.it\/wp-content\/uploads\/2015\/11\/Studio-Legale-Galasso-Processo-Mafia-Capitale-300x156.jpg 300w, https:\/\/studiolegalegalasso.it\/wp-content\/uploads\/2015\/11\/Studio-Legale-Galasso-Processo-Mafia-Capitale-1024x533.jpg 1024w\" sizes=\"(max-width: 1064px) 100vw, 1064px\" \/>                                            <\/div>\n                \n                            <\/div>\n        <\/div>                     <div class=\"tf_swiper-slide\" style=\"content-visibility:hidden\">            <div class=\"slide-inner-wrap\">\n                                    <div class=\"tf_rel tf_lazy slide-image\">\n                                                                            <img decoding=\"async\" src=\"https:\/\/studiolegalegalasso.it\/wp-content\/uploads\/2008\/06\/Avvocato-Licia-DAmico-1-1024x550-1064x571.jpg\" width=\"1064\" height=\"571\" class=\"wp-post-image wp-image-21485\" title=\"Avvocato Licia D&#039;Amico\" alt=\"Avvocato Licia D&#039;Amico\" srcset=\"https:\/\/studiolegalegalasso.it\/wp-content\/uploads\/2008\/06\/Avvocato-Licia-DAmico-1-1024x550-1064x571.jpg 1064w, https:\/\/studiolegalegalasso.it\/wp-content\/uploads\/2008\/06\/Avvocato-Licia-DAmico-1-300x161.jpg 300w, https:\/\/studiolegalegalasso.it\/wp-content\/uploads\/2008\/06\/Avvocato-Licia-DAmico-1-768x413.jpg 768w, https:\/\/studiolegalegalasso.it\/wp-content\/uploads\/2008\/06\/Avvocato-Licia-DAmico-1.jpg 1024w\" sizes=\"(max-width: 1064px) 100vw, 1064px\" \/>                                            <\/div>\n                \n                            <\/div>\n        <\/div>                     <div class=\"tf_swiper-slide\" style=\"content-visibility:hidden\">            <div class=\"slide-inner-wrap\">\n                                    <div class=\"tf_rel tf_lazy slide-image\">\n                                                                            <img decoding=\"async\" src=\"https:\/\/studiolegalegalasso.it\/wp-content\/uploads\/2008\/06\/Il-Prof-Galasso-e-lavv-DAmico-sentenza-mafia-capitale-1-1064x709.jpg\" width=\"1064\" height=\"709\" class=\"wp-post-image wp-image-21492\" title=\"Mafia Roma: Raggi, malaffare resta in agguato, guardia alta\" alt=\"Mafia Roma: Raggi, malaffare resta in agguato, guardia alta\" srcset=\"https:\/\/studiolegalegalasso.it\/wp-content\/uploads\/2008\/06\/Il-Prof-Galasso-e-lavv-DAmico-sentenza-mafia-capitale-1-1064x709.jpg 1064w, https:\/\/studiolegalegalasso.it\/wp-content\/uploads\/2008\/06\/Il-Prof-Galasso-e-lavv-DAmico-sentenza-mafia-capitale-1-300x200.jpg 300w, https:\/\/studiolegalegalasso.it\/wp-content\/uploads\/2008\/06\/Il-Prof-Galasso-e-lavv-DAmico-sentenza-mafia-capitale-1.jpg 700w\" sizes=\"(max-width: 1064px) 100vw, 1064px\" \/>                                            <\/div>\n                \n                            <\/div>\n        <\/div>                     <div class=\"tf_swiper-slide\" style=\"content-visibility:hidden\">            <div class=\"slide-inner-wrap\">\n                                    <div class=\"tf_rel tf_lazy slide-image\">\n                                                                            <img decoding=\"async\" src=\"https:\/\/studiolegalegalasso.it\/wp-content\/uploads\/2020\/03\/Galasso-TG2-2-1024x529-1064x550.jpg\" width=\"1064\" height=\"550\" class=\"wp-post-image wp-image-17702\" title=\"Galasso-TG2-2\" alt=\"Galasso-TG2-2\" srcset=\"https:\/\/studiolegalegalasso.it\/wp-content\/uploads\/2020\/03\/Galasso-TG2-2.jpg 1064w, https:\/\/studiolegalegalasso.it\/wp-content\/uploads\/2020\/03\/Galasso-TG2-2-300x155.jpg 300w, https:\/\/studiolegalegalasso.it\/wp-content\/uploads\/2020\/03\/Galasso-TG2-2-1024x529.jpg 1024w, https:\/\/studiolegalegalasso.it\/wp-content\/uploads\/2020\/03\/Galasso-TG2-2-768x397.jpg 768w\" sizes=\"(max-width: 1064px) 100vw, 1064px\" \/>                                            <\/div>\n                \n                            <\/div>\n        <\/div>                     <div class=\"tf_swiper-slide\" style=\"content-visibility:hidden\">            <div class=\"slide-inner-wrap\">\n                                    <div class=\"tf_rel tf_lazy slide-image\">\n                                                                            <img decoding=\"async\" src=\"https:\/\/studiolegalegalasso.it\/wp-content\/uploads\/2014\/07\/Licia-TG2-1-1064x550.jpg\" width=\"1064\" height=\"550\" class=\"wp-post-image wp-image-2935\" title=\"Studio Legale Galasso Avvocato Licia Damico\" alt=\"Studio Legale Galasso Avvocato Licia Damico\" srcset=\"https:\/\/studiolegalegalasso.it\/wp-content\/uploads\/2014\/07\/Licia-TG2-1.jpg 1064w, https:\/\/studiolegalegalasso.it\/wp-content\/uploads\/2014\/07\/Licia-TG2-1-300x155.jpg 300w, https:\/\/studiolegalegalasso.it\/wp-content\/uploads\/2014\/07\/Licia-TG2-1-1024x529.jpg 1024w\" sizes=\"(max-width: 1064px) 100vw, 1064px\" \/>                                            <\/div>\n                \n                            <\/div>\n        <\/div>                     <div class=\"tf_swiper-slide\" style=\"content-visibility:hidden\">            <div class=\"slide-inner-wrap\">\n                                    <div class=\"tf_rel tf_lazy slide-image\">\n                                                                            <img decoding=\"async\" src=\"https:\/\/studiolegalegalasso.it\/wp-content\/uploads\/2020\/03\/Avvocato-Prof-Pina-Palmeri-1-1064x550-1-1024x529-1064x550.jpg\" width=\"1064\" height=\"550\" class=\"wp-post-image wp-image-17699\" title=\"Avvocato-Prof-Pina-Palmeri-1-1064x550\" alt=\"Avvocato-Prof-Pina-Palmeri-1-1064x550\" srcset=\"https:\/\/studiolegalegalasso.it\/wp-content\/uploads\/2020\/03\/Avvocato-Prof-Pina-Palmeri-1-1064x550-1.jpg 1064w, https:\/\/studiolegalegalasso.it\/wp-content\/uploads\/2020\/03\/Avvocato-Prof-Pina-Palmeri-1-1064x550-1-300x155.jpg 300w, https:\/\/studiolegalegalasso.it\/wp-content\/uploads\/2020\/03\/Avvocato-Prof-Pina-Palmeri-1-1064x550-1-1024x529.jpg 1024w, https:\/\/studiolegalegalasso.it\/wp-content\/uploads\/2020\/03\/Avvocato-Prof-Pina-Palmeri-1-1064x550-1-768x397.jpg 768w\" sizes=\"(max-width: 1064px) 100vw, 1064px\" \/>                                            <\/div>\n                \n                            <\/div>\n        <\/div>            <\/div>\n    <\/div>\n<\/div>\n<!-- module text -->\n<div  class=\"module module-text tb_9v1g500   \" data-lazy=\"1\">\n        <div  class=\"tb_text_wrap\">\n        <h1 style=\"text-align: center;\"><strong>Benvenuti<\/strong><\/h1>\n<p style=\"text-align: justify;\"><span style=\"color: #666666;\">L\u2019Avv. Prof. Alfredo Galasso, l\u2019Avv. Prof. Giuseppa Palmeri, l\u2019Avv. Licia D\u2019Amico, dopo oltre un decennio di attivit\u00e0 professionale svolta insieme, dapprima in forma individuale raccordata, poi in forma associata, nel 2004 hanno costituito una societ\u00e0 tra professionisti (Studio Legale Galasso s.t.p.).<\/span><\/p>\n<p style=\"text-align: justify;\"><span style=\"color: #666666;\">La societ\u00e0 professionale, avvalendosi delle competenze specifiche di ciascuno dei suoi soci nonch\u00e9 di talune collaborazioni stabili, si occupa di processi penali, con difesa dell\u2019imputato ovvero assistenza della persona offesa e della parte civile, di controversie civili (contrattuali, risarcitorie, proprietarie e possessorie), di diritto di famiglia e dei minori, di diritto del lavoro, di diritto societario, di giustizia amministrativa.<\/span><\/p>\n<p style=\"text-align: justify;\"><span style=\"color: #666666;\">Lo Studio Legale Galasso dispone di due sedi, a Palermo e a Roma, ed \u00e8 impegnata nello svolgimento di attivit\u00e0 professionale su tutto il territorio nazionale. Collaborano stabilmente presso la sede di Roma <\/span><span style=\"color: #666666;\">l&#8217;avv. Benedetta Manasseri<span style=\"color: #666666;\">; presso la sede di Palermo\u00a0<\/span>l&#8217;avv. Consuelo Alonge<span style=\"color: #666666;\">\u00a0e l&#8217;<\/span>avv. Francesco Salvo.<\/span><\/p>\n<p style=\"text-align: center;\">\u00a0<\/p>    <\/div>\n<\/div>\n<!-- \/module text -->        <\/div>\n                        <\/div>\n        <\/div>\n                        <div  data-lazy=\"1\" class=\"module_row themify_builder_row tb_oeew245 tf_w wow\" data-tf-animation=\"fadeIn\">\n                        <div class=\"row_inner col_align_top tb_col_count_1 tf_box tf_rel\">\n                        <div  data-lazy=\"1\" class=\"module_column tb-column col-full tb_vhjm682 first\">\n                    <!-- module text -->\n<div  class=\"module module-text tb_qtxz255   \" data-lazy=\"1\">\n        <div  class=\"tb_text_wrap\">\n        <h2 style=\"text-align: center;\"><strong>Chi siamo<\/strong><\/h2>    <\/div>\n<\/div>\n<!-- \/module text --><!-- module divider -->\n<div  class=\"module tf_mw module-divider tb_v8i5320 double   \" style=\"border-width: 4px;border-color: #eeeeee;margin-top: 10px;margin-bottom: 30px;\" data-lazy=\"1\">\n    <\/div>\n<!-- \/module divider -->\n<!-- module post -->\n<div  class=\"module module-testimonial tb_9dnr040 \">\n    <div  class=\"builder-posts-wrap loops-wrapper testimonial grid3 tf_clear tf_clearfix\" data-lazy=\"1\">\n        <\/div><!-- .builder-posts-wrap -->\n            <\/div>\n<!-- \/module post -->\n    <!-- module text -->\n<div  class=\"module module-text tb_x3q2244   \" data-lazy=\"1\">\n        <div  class=\"tb_text_wrap\">\n        <h2 style=\"text-align: center;\"><strong>Collaborano con noi<\/strong><\/h2>    <\/div>\n<\/div>\n<!-- \/module text --><!-- module divider -->\n<div  class=\"module tf_mw module-divider tb_d72h204 double   \" style=\"border-width: 4px;border-color: #eeeeee;margin-top: 10px;margin-bottom: 30px;\" data-lazy=\"1\">\n    <\/div>\n<!-- \/module divider -->\n<!-- module post -->\n<div  class=\"module module-testimonial tb_ihvm022 \">\n    <div  class=\"builder-posts-wrap loops-wrapper testimonial grid4 tf_clear tf_clearfix\" data-lazy=\"1\">\n        <\/div><!-- .builder-posts-wrap -->\n            <\/div>\n<!-- \/module post -->\n    <!-- module buttons -->\n<div  class=\"module module-buttons tb_q65k696 buttons-horizontal solid  large rounded\" data-lazy=\"1\">\n        <div class=\"module-buttons-item tf_in_flx\">\n                        <a href=\"https:\/\/studiolegalegalasso.it\/partners-esterni\/\" class=\"ui builder_button tf_in_flx tb_default_color\" >\n                                                Partner esterni                                        <\/a>\n                <\/div>\n            <\/div>\n<!-- \/module buttons -->\n        <\/div>\n                        <\/div>\n        <\/div>\n                        <div  data-anchor=\"news\" data-lazy=\"1\" class=\"module_row themify_builder_row tb_has_section tb_section-news tb_dpy5707 tf_w\">\n                        <div class=\"row_inner col_align_top tb_col_count_1 tf_box tf_rel\">\n                        <div  data-lazy=\"1\" class=\"module_column tb-column col-full tb_0eob000 first\">\n                    <!-- module text -->\n<div  class=\"module module-text tb_sqaw200   \" data-lazy=\"1\">\n        <div  class=\"tb_text_wrap\">\n        <h2 style=\"text-align: center;\"><strong>News 2024<\/strong><\/h2>    <\/div>\n<\/div>\n<!-- \/module text --><!-- module divider -->\n<div  class=\"module tf_mw module-divider tb_hon5050 double   \" style=\"border-width: 4px;border-color: #eeeeee;margin-top: 10px;margin-bottom: 30px;\" data-lazy=\"1\">\n    <\/div>\n<!-- \/module divider -->\n<!-- module post -->\n<div  class=\"module module-post tb_gkhc040 \">\n    <div  class=\"builder-posts-wrap loops-wrapper grid2-thumb tf_clear tf_clearfix\" data-lazy=\"1\">\n        <\/div><!-- .builder-posts-wrap -->\n            <\/div>\n<!-- \/module post -->\n            <\/div>\n                        <\/div>\n        <\/div>\n                        <div  data-anchor=\"news\" data-lazy=\"1\" class=\"module_row themify_builder_row tb_has_section tb_section-news tb_7mgw44 tf_w\">\n                        <div class=\"row_inner col_align_top tb_col_count_1 tf_box tf_rel\">\n                        <div  data-lazy=\"1\" class=\"module_column tb-column col-full tb_1j4o44 first\">\n                    <!-- module text -->\n<div  class=\"module module-text tb_4bsu44   \" data-lazy=\"1\">\n        <div  class=\"tb_text_wrap\">\n        <h2 style=\"text-align: center;\"><strong>News 2023<\/strong><\/h2>    <\/div>\n<\/div>\n<!-- \/module text --><!-- module divider -->\n<div  class=\"module tf_mw module-divider tb_lhtq44 double   \" style=\"border-width: 4px;border-color: #eeeeee;margin-top: 10px;margin-bottom: 30px;\" data-lazy=\"1\">\n    <\/div>\n<!-- \/module divider -->\n<!-- module post -->\n<div  class=\"module module-post tb_zah445 \">\n    <div  class=\"builder-posts-wrap loops-wrapper grid2-thumb tf_clear tf_clearfix\" data-lazy=\"1\">\n        <\/div><!-- .builder-posts-wrap -->\n            <\/div>\n<!-- \/module post -->\n            <\/div>\n                        <\/div>\n        <\/div>\n                        <div  data-lazy=\"1\" class=\"module_row themify_builder_row tb_vw64241 tf_w\" data-tf-animation=\"fade-in\">\n                        <div class=\"row_inner col_align_top tb_col_count_1 tf_box tf_rel\">\n                        <div  data-lazy=\"1\" class=\"module_column tb-column col-full tb_mjek026 first\">\n                    <!-- module text -->\n<div  class=\"module module-text tb_2n3k002   \" data-lazy=\"1\">\n        <div  class=\"tb_text_wrap\">\n        <h2 style=\"text-align: center;\"><strong>Studio Legale Galasso<\/strong><\/h2>\n<h2 style=\"text-align: center;\"><strong>Le nostre esperienze<\/strong><\/h2>\n<p>\u00a0<\/p>\n<p><span style=\"color: #333333;\">Lo Studio Legale Galasso s.t.p.\u00a0da molti anni \u00e8 protagonista in processi nei quali ha sostenuto\u00a0e difeso, con successo, diritti e libert\u00e0 fondamentali della gente comune.<\/span><\/p>    <\/div>\n<\/div>\n<!-- \/module text --><!-- module divider -->\n<div  class=\"module tf_mw module-divider tb_38vu400 double   \" style=\"border-width: 4px;border-color: #eeeeee;margin-top: 10px;margin-bottom: 30px;\" data-lazy=\"1\">\n    <\/div>\n<!-- \/module divider -->\n<!-- module post -->\n<div  class=\"module module-highlight tb_9mln103 \">\n    <div  class=\"builder-posts-wrap loops-wrapper highlight grid4 tf_clear tf_clearfix\" data-lazy=\"1\">\n        <\/div><!-- .builder-posts-wrap -->\n            <\/div>\n<!-- \/module post -->\n            <\/div>\n                        <\/div>\n        <\/div>\n                        <div  data-lazy=\"1\" class=\"module_row themify_builder_row tb_a76h555 tf_w\">\n                        <div class=\"row_inner col_align_top tb_col_count_1 tf_box tf_rel\">\n                        <div  data-lazy=\"1\" class=\"module_column tb-column col-full tb_2mzq101 first\">\n                    <!-- module text -->\n<div  class=\"module module-text tb_pxeu105   \" data-lazy=\"1\">\n        <div  class=\"tb_text_wrap\">\n        <h2 style=\"text-align: center;\"><strong>Pubblicazioni<\/strong><\/h2>    <\/div>\n<\/div>\n<!-- \/module text --><!-- module divider -->\n<div  class=\"module tf_mw module-divider tb_nty0032 double   \" style=\"border-width: 4px;border-color: #eeeeee;margin-top: 10px;margin-bottom: 30px;\" data-lazy=\"1\">\n    <\/div>\n<!-- \/module divider -->\n<div  class=\"module themify_builder_slider_wrap tf_clearfix module-slider tb_n8at522  slider-default  \" data-lazy=\"1\">\n        <div class=\"themify_builder_slider tf_carousel tf_swiper-container tf_rel tf_overflow\" data-lazy=\"1\"        data-visible=\"4\"\n        data-tab-visible=\"1\"\n        data-mob-visible=\"1\"\n        data-scroll=\"1\"\n                            data-auto=\"4000\"\n            data-controller=\"0\"\n                data-pause_hover=\"1\"\n        data-speed=\"normal\"\n        data-wrapvar=\"1\"\n        data-slider_nav=\"0\"\n        data-pager=\"0\"\n        data-effect=\"continuously\"\n        data-height=\"variable\"\n        data-css_url=\"https:\/\/studiolegalegalasso.it\/wp-content\/themes\/magazine\/themify\/themify-builder\/css\/modules\/sliders\/carousel,https:\/\/studiolegalegalasso.it\/wp-content\/themes\/magazine\/themify\/themify-builder\/css\/modules\/sliders\/slider\"\n                    >\n        <div class=\"tf_swiper-wrapper tf_lazy tf_rel tf_w tf_h tf_textc\">\n                         <div class=\"tf_swiper-slide\">            <div class=\"slide-inner-wrap\">\n                                    <div class=\"tf_rel tf_lazy slide-image\">\n                                                                            <a href=\"https:\/\/studiolegalegalasso.it\/sicilia-il-nuovo-libro-di-alfredo-galasso\/\"  target=\"_blank\" rel=\"noopener\">\n                                <img decoding=\"async\" src=\"https:\/\/studiolegalegalasso.it\/wp-content\/uploads\/2022\/12\/41GMVmQISPL._AC_UL320_-160x240.jpg\" width=\"160\" height=\"240\" class=\"wp-post-image wp-image-20439\" title=\"41GMVmQISPL._AC_UL320_\" alt=\"Sicilia\">                            <\/a>\n                                            <\/div>\n                \n                                    <div class=\"slide-content tb_text_wrap\">\n                                                                                <h3 class=\"slide-title\">\n                                                                    <a href=\"https:\/\/studiolegalegalasso.it\/sicilia-il-nuovo-libro-di-alfredo-galasso\/\" target=\"_blank\" rel=\"noopener\">Sicilia<\/a>\n                                                            <\/h3>\n                        \n                                            <\/div>\n                            <\/div>\n        <\/div>                     <div class=\"tf_swiper-slide\">            <div class=\"slide-inner-wrap\">\n                                    <div class=\"tf_rel tf_lazy slide-image\">\n                                                                            <a href=\"https:\/\/studiolegalegalasso.it\/libro-la-mafia-che-ho-conosciuto\/\"  target=\"_blank\" rel=\"noopener\">\n                                <img decoding=\"async\" src=\"https:\/\/studiolegalegalasso.it\/wp-content\/uploads\/2020\/07\/Alfredo-Galasso-la-mafia-che-ho-conosciuto-4-700x1024-160x240.jpg\" width=\"160\" height=\"240\" class=\"wp-post-image wp-image-18167\" title=\"Alfredo-Galasso---la-mafia-che-ho-conosciuto\" alt=\"La mafia che ho conosciuto\">                            <\/a>\n                                            <\/div>\n                \n                                    <div class=\"slide-content tb_text_wrap\">\n                                                                                <h3 class=\"slide-title\">\n                                                                    <a href=\"https:\/\/studiolegalegalasso.it\/libro-la-mafia-che-ho-conosciuto\/\" target=\"_blank\" rel=\"noopener\">La mafia che ho conosciuto<\/a>\n                                                            <\/h3>\n                        \n                                            <\/div>\n                            <\/div>\n        <\/div>                     <div class=\"tf_swiper-slide\">            <div class=\"slide-inner-wrap\">\n                                    <div class=\"tf_rel tf_lazy slide-image\">\n                                                                            <a href=\"https:\/\/studiolegalegalasso.it\/il-processo-di-mafia\/\"  target=\"_blank\" rel=\"noopener\">\n                                <img decoding=\"async\" src=\"https:\/\/studiolegalegalasso.it\/wp-content\/uploads\/2018\/01\/Il-Processo-di-Mafia-Copertina-1-1-160x240.jpg\" width=\"160\" height=\"240\" class=\"wp-post-image wp-image-21506\" title=\"Il Processo di Mafia Copertina 1 1\" alt=\"Il Processo di mafia\">                            <\/a>\n                                            <\/div>\n                \n                                    <div class=\"slide-content tb_text_wrap\">\n                                                                                <h3 class=\"slide-title\">\n                                                                    <a href=\"https:\/\/studiolegalegalasso.it\/il-processo-di-mafia\/\" target=\"_blank\" rel=\"noopener\">Il Processo di mafia<\/a>\n                                                            <\/h3>\n                        \n                                            <\/div>\n                            <\/div>\n        <\/div>                     <div class=\"tf_swiper-slide\">            <div class=\"slide-inner-wrap\">\n                                    <div class=\"tf_rel tf_lazy slide-image\">\n                                                                            <a href=\"https:\/\/studiolegalegalasso.it\/il-nuovo-libro-di-alfredo-galasso-mafia-vita-di-un-uomo-di-mondo\/\"  target=\"_blank\" rel=\"noopener\">\n                                <img decoding=\"async\" src=\"https:\/\/studiolegalegalasso.it\/wp-content\/uploads\/2018\/01\/Schermata-2018-01-22-alle-18.21.32-160x240.png\" width=\"160\" height=\"240\" class=\"wp-post-image wp-image-21505\" title=\"Schermata 2018 01 22 alle 18.21.32\" alt=\"Mafia - Vita di un uomo di mondo\">                            <\/a>\n                                            <\/div>\n                \n                                    <div class=\"slide-content tb_text_wrap\">\n                                                                                <h3 class=\"slide-title\">\n                                                                    <a href=\"https:\/\/studiolegalegalasso.it\/il-nuovo-libro-di-alfredo-galasso-mafia-vita-di-un-uomo-di-mondo\/\" target=\"_blank\" rel=\"noopener\">Mafia - Vita di un uomo di mondo<\/a>\n                                                            <\/h3>\n                        \n                                            <\/div>\n                            <\/div>\n        <\/div>                     <div class=\"tf_swiper-slide\" style=\"content-visibility:hidden\">            <div class=\"slide-inner-wrap\">\n                                    <div class=\"tf_rel tf_lazy slide-image\">\n                                                                            <a href=\"https:\/\/studiolegalegalasso.it\/?p=3263\"  target=\"_blank\" rel=\"noopener\">\n                                <img decoding=\"async\" src=\"https:\/\/studiolegalegalasso.it\/wp-content\/uploads\/2014\/07\/Studio-Legale-Galasso-Nuova-giurisprudenza-civile-160x240.jpg\" width=\"160\" height=\"240\" class=\"wp-post-image wp-image-3262\" title=\"Studio-Legale-Galasso-Nuova-giurisprudenza-civile\" alt=\"La nuova Giurisprudenza Civile commentata\">                            <\/a>\n                                            <\/div>\n                \n                                    <div class=\"slide-content tb_text_wrap\">\n                                                                                <h3 class=\"slide-title\">\n                                                                    <a href=\"https:\/\/studiolegalegalasso.it\/?p=3263\" target=\"_blank\" rel=\"noopener\">La nuova Giurisprudenza Civile commentata<\/a>\n                                                            <\/h3>\n                        \n                                            <\/div>\n                            <\/div>\n        <\/div>                     <div class=\"tf_swiper-slide\" style=\"content-visibility:hidden\">            <div class=\"slide-inner-wrap\">\n                                    <div class=\"tf_rel tf_lazy slide-image\">\n                                                                            <a href=\"https:\/\/studiolegalegalasso.it\/diritto-civile\/\"  target=\"_blank\" rel=\"noopener\">\n                                <img decoding=\"async\" src=\"https:\/\/studiolegalegalasso.it\/wp-content\/uploads\/2014\/07\/diritto-civile1-160x240.jpg\" width=\"160\" height=\"240\" class=\"wp-post-image wp-image-3043\" title=\"diritto civile1\" alt=\"Diritto Civile\">                            <\/a>\n                                            <\/div>\n                \n                                    <div class=\"slide-content tb_text_wrap\">\n                                                                                <h3 class=\"slide-title\">\n                                                                    <a href=\"https:\/\/studiolegalegalasso.it\/diritto-civile\/\" target=\"_blank\" rel=\"noopener\">Diritto Civile<\/a>\n                                                            <\/h3>\n                        \n                                            <\/div>\n                            <\/div>\n        <\/div>                     <div class=\"tf_swiper-slide\" style=\"content-visibility:hidden\">            <div class=\"slide-inner-wrap\">\n                                    <div class=\"tf_rel tf_lazy slide-image\">\n                                                                            <a href=\"https:\/\/studiolegalegalasso.it\/nuovo-manuale-diritto-privato\/\"  target=\"_blank\" rel=\"noopener\">\n                                <img decoding=\"async\" src=\"https:\/\/studiolegalegalasso.it\/wp-content\/uploads\/2014\/07\/Studio-Legale-Galasso-Manuale-del-diritto-privato-160x240.png\" width=\"160\" height=\"240\" class=\"wp-post-image wp-image-3016\" title=\"Studio Legale Galasso Manuale del diritto privato\" alt=\"Nuovo Manuale del Diritto Privato\">                            <\/a>\n                                            <\/div>\n                \n                                    <div class=\"slide-content tb_text_wrap\">\n                                                                                <h3 class=\"slide-title\">\n                                                                    <a href=\"https:\/\/studiolegalegalasso.it\/nuovo-manuale-diritto-privato\/\" target=\"_blank\" rel=\"noopener\">Nuovo Manuale del Diritto Privato<\/a>\n                                                            <\/h3>\n                        \n                                            <\/div>\n                            <\/div>\n        <\/div>                     <div class=\"tf_swiper-slide\" style=\"content-visibility:hidden\">            <div class=\"slide-inner-wrap\">\n                                    <div class=\"tf_rel tf_lazy slide-image\">\n                                                                            <a href=\"https:\/\/studiolegalegalasso.it\/?p=3035\"  target=\"_blank\" rel=\"noopener\">\n                                <img decoding=\"async\" src=\"https:\/\/studiolegalegalasso.it\/wp-content\/uploads\/2014\/07\/diritto-privato-160x240.png\" width=\"160\" height=\"240\" class=\"wp-post-image wp-image-2439\" title=\"diritto privato\" alt=\"Manuale Ipertestuale del Diritto Privato\">                            <\/a>\n                                            <\/div>\n                \n                                    <div class=\"slide-content tb_text_wrap\">\n                                                                                <h3 class=\"slide-title\">\n                                                                    <a href=\"https:\/\/studiolegalegalasso.it\/?p=3035\" target=\"_blank\" rel=\"noopener\">Manuale Ipertestuale del Diritto Privato<\/a>\n                                                            <\/h3>\n                        \n                                            <\/div>\n                            <\/div>\n        <\/div>                     <div class=\"tf_swiper-slide\" style=\"content-visibility:hidden\">            <div class=\"slide-inner-wrap\">\n                                    <div class=\"tf_rel tf_lazy slide-image\">\n                                                                            <a href=\"https:\/\/studiolegalegalasso.it\/?p=3038\"  target=\"_blank\" rel=\"noopener\">\n                                <img decoding=\"async\" src=\"https:\/\/studiolegalegalasso.it\/wp-content\/uploads\/2014\/07\/regimepatrimoniale1-160x240.png\" width=\"160\" height=\"240\" class=\"wp-post-image wp-image-2440\" title=\"regimepatrimoniale1\" alt=\"Regime patrimoniale della famiglia - tomo I\">                            <\/a>\n                                            <\/div>\n                \n                                    <div class=\"slide-content tb_text_wrap\">\n                                                                                <h3 class=\"slide-title\">\n                                                                    <a href=\"https:\/\/studiolegalegalasso.it\/?p=3038\" target=\"_blank\" rel=\"noopener\">Regime patrimoniale della famiglia - tomo I<\/a>\n                                                            <\/h3>\n                        \n                                            <\/div>\n                            <\/div>\n        <\/div>                     <div class=\"tf_swiper-slide\" style=\"content-visibility:hidden\">            <div class=\"slide-inner-wrap\">\n                                    <div class=\"tf_rel tf_lazy slide-image\">\n                                                                            <a href=\"https:\/\/studiolegalegalasso.it\/regime-patrimoniale-famiglia-2\/\"  target=\"_blank\" rel=\"noopener\">\n                                <img decoding=\"async\" src=\"https:\/\/studiolegalegalasso.it\/wp-content\/uploads\/2014\/07\/Regime-patrimoniale-della-famiglia-2-160x240.png\" width=\"160\" height=\"240\" class=\"wp-post-image wp-image-3022\" title=\"Regime patrimoniale della famiglia 2\" alt=\"Regime patrimoniale della famiglia - tomo II\">                            <\/a>\n                                            <\/div>\n                \n                                    <div class=\"slide-content tb_text_wrap\">\n                                                                                <h3 class=\"slide-title\">\n                                                                    <a href=\"https:\/\/studiolegalegalasso.it\/regime-patrimoniale-famiglia-2\/\" target=\"_blank\" rel=\"noopener\">Regime patrimoniale della famiglia - tomo II<\/a>\n                                                            <\/h3>\n                        \n                                            <\/div>\n                            <\/div>\n        <\/div>                     <div class=\"tf_swiper-slide\" style=\"content-visibility:hidden\">            <div class=\"slide-inner-wrap\">\n                                    <div class=\"tf_rel tf_lazy slide-image\">\n                                                                            <a href=\"https:\/\/studiolegalegalasso.it\/?p=3047\"  target=\"_blank\" rel=\"noopener\">\n                                <img decoding=\"async\" src=\"https:\/\/studiolegalegalasso.it\/wp-content\/uploads\/2014\/07\/comodato1-160x240.png\" width=\"160\" height=\"240\" class=\"wp-post-image wp-image-3014\" title=\"comodato1\" alt=\"Trattato di Diritto Civile e Commerciale Il Comodato\">                            <\/a>\n                                            <\/div>\n                \n                                    <div class=\"slide-content tb_text_wrap\">\n                                                                                <h3 class=\"slide-title\">\n                                                                    <a href=\"https:\/\/studiolegalegalasso.it\/?p=3047\" target=\"_blank\" rel=\"noopener\">Trattato di Diritto Civile e Commerciale Il Comodato<\/a>\n                                                            <\/h3>\n                        \n                                            <\/div>\n                            <\/div>\n        <\/div>                     <div class=\"tf_swiper-slide\" style=\"content-visibility:hidden\">            <div class=\"slide-inner-wrap\">\n                                    <div class=\"tf_rel tf_lazy slide-image\">\n                                                                            <a href=\"https:\/\/studiolegalegalasso.it\/principio-di-gratuita\/\"  target=\"_blank\" rel=\"noopener\">\n                                <img decoding=\"async\" src=\"https:\/\/studiolegalegalasso.it\/wp-content\/uploads\/2014\/07\/principio-160x240.png\" width=\"160\" height=\"240\" class=\"wp-post-image wp-image-3018\" title=\"principio\" alt=\"Il principio di gratuit\u00e0\">                            <\/a>\n                                            <\/div>\n                \n                                    <div class=\"slide-content tb_text_wrap\">\n                                                                                <h3 class=\"slide-title\">\n                                                                    <a href=\"https:\/\/studiolegalegalasso.it\/principio-di-gratuita\/\" target=\"_blank\" rel=\"noopener\">Il principio di gratuit\u00e0<\/a>\n                                                            <\/h3>\n                        \n                                            <\/div>\n                            <\/div>\n        <\/div>                     <div class=\"tf_swiper-slide\" style=\"content-visibility:hidden\">            <div class=\"slide-inner-wrap\">\n                                    <div class=\"tf_rel tf_lazy slide-image\">\n                                                                            <a href=\"https:\/\/studiolegalegalasso.it\/disciplina-ogm\/\"  target=\"_blank\" rel=\"noopener\">\n                                <img decoding=\"async\" src=\"https:\/\/studiolegalegalasso.it\/wp-content\/uploads\/2014\/07\/disciplinaogm-160x240.png\" width=\"160\" height=\"240\" class=\"wp-post-image wp-image-3020\" title=\"disciplinaogm\" alt=\"Il principio di precauzione nella disciplina degli OGM\">                            <\/a>\n                                            <\/div>\n                \n                                    <div class=\"slide-content tb_text_wrap\">\n                                                                                <h3 class=\"slide-title\">\n                                                                    <a href=\"https:\/\/studiolegalegalasso.it\/disciplina-ogm\/\" target=\"_blank\" rel=\"noopener\">Il principio di precauzione nella disciplina degli OGM<\/a>\n                                                            <\/h3>\n                        \n                                            <\/div>\n                            <\/div>\n        <\/div>                     <div class=\"tf_swiper-slide\" style=\"content-visibility:hidden\">            <div class=\"slide-inner-wrap\">\n                                    <div class=\"tf_rel tf_lazy slide-image\">\n                                                                            <a href=\"https:\/\/studiolegalegalasso.it\/?p=3062\"  target=\"_blank\" rel=\"noopener\">\n                                <img decoding=\"async\" src=\"https:\/\/studiolegalegalasso.it\/wp-content\/uploads\/2014\/07\/mafia-160x240.png\" width=\"160\" height=\"240\" class=\"wp-post-image wp-image-3024\" title=\"mafia\" alt=\"La Mafia non esiste\">                            <\/a>\n                                            <\/div>\n                \n                                    <div class=\"slide-content tb_text_wrap\">\n                                                                                <h3 class=\"slide-title\">\n                                                                    <a href=\"https:\/\/studiolegalegalasso.it\/?p=3062\" target=\"_blank\" rel=\"noopener\">La Mafia non esiste<\/a>\n                                                            <\/h3>\n                        \n                                            <\/div>\n                            <\/div>\n        <\/div>                     <div class=\"tf_swiper-slide\" style=\"content-visibility:hidden\">            <div class=\"slide-inner-wrap\">\n                                    <div class=\"tf_rel tf_lazy slide-image\">\n                                                                            <a href=\"https:\/\/studiolegalegalasso.it\/?p=3067\"  target=\"_blank\" rel=\"noopener\">\n                                <img decoding=\"async\" src=\"https:\/\/studiolegalegalasso.it\/wp-content\/uploads\/2014\/07\/mafia-politica-160x240.png\" width=\"160\" height=\"240\" class=\"wp-post-image wp-image-3026\" title=\"mafia-politica\" alt=\"La mafia politica\">                            <\/a>\n                                            <\/div>\n                \n                                    <div class=\"slide-content tb_text_wrap\">\n                                                                                <h3 class=\"slide-title\">\n                                                                    <a href=\"https:\/\/studiolegalegalasso.it\/?p=3067\" target=\"_blank\" rel=\"noopener\">La mafia politica<\/a>\n                                                            <\/h3>\n                        \n                                            <\/div>\n                            <\/div>\n        <\/div>            <\/div>\n    <\/div>\n<\/div>\n        <\/div>\n                        <\/div>\n        <\/div>\n                        <div  data-anchor=\"media\" data-lazy=\"1\" class=\"module_row themify_builder_row tb_has_section tb_section-media tb_vsnj002 tf_w\">\n                        <div class=\"row_inner col_align_top tb_col_count_1 tf_box tf_rel\">\n                        <div  data-lazy=\"1\" class=\"module_column tb-column col-full tb_ng49041 first\">\n                    <!-- module text -->\n<div  class=\"module module-text tb_95s9012   \" data-lazy=\"1\">\n        <div  class=\"tb_text_wrap\">\n        <h2 style=\"text-align: center;\"><strong>Audio e Video<\/strong><\/h2>    <\/div>\n<\/div>\n<!-- \/module text -->        <\/div>\n                        <\/div>\n        <\/div>\n                        <div  data-lazy=\"1\" class=\"module_row themify_builder_row tb_lwbc49 tf_w\">\n                        <div class=\"row_inner col_align_top tb_col_count_1 tf_box tf_rel\">\n                        <div  data-lazy=\"1\" class=\"module_column tb-column col-full tb_o1vd49 first\">\n                    <!-- module post -->\n<div  class=\"module module-post tb_xddp722 \">\n    <div  class=\"builder-posts-wrap loops-wrapper grid4 tf_clear tf_clearfix\" data-lazy=\"1\">\n        <\/div><!-- .builder-posts-wrap -->\n            <\/div>\n<!-- \/module post -->\n            <\/div>\n                        <\/div>\n        <\/div>\n                        <div  data-lazy=\"1\" class=\"module_row themify_builder_row tb_jhtv76 tf_w\">\n                        <div class=\"row_inner col_align_top tb_col_count_1 tf_box tf_rel\">\n                        <div  data-lazy=\"1\" class=\"module_column tb-column col-full tb_68ey76 first\">\n                    <!-- module buttons -->\n<div  class=\"module module-buttons tb_nlaq361 buttons-horizontal solid  large rounded wow\" data-tf-animation=\"fadeInUp\" data-tf-animation_delay=\"1\" data-lazy=\"1\">\n        <div class=\"module-buttons-item tf_in_flx\">\n                        <a href=\"https:\/\/studiolegalegalasso.it\/archivio-audio-video\/\" class=\"ui builder_button tf_in_flx tb_default_color\" >\n                                                Vai all'archivio Audio\/Video                                        <\/a>\n                <\/div>\n            <\/div>\n<!-- \/module buttons -->\n        <\/div>\n                        <\/div>\n        <\/div>\n        <\/div>\n<!--\/themify_builder_content-->","protected":false},"excerpt":{"rendered":"<p>Benvenuti L\u2019Avv. Prof. Alfredo Galasso, l\u2019Avv. Prof. Giuseppa Palmeri, l\u2019Avv. Licia D\u2019Amico, dopo oltre un decennio di attivit\u00e0 professionale svolta insieme, dapprima in forma individuale raccordata, poi in forma associata, nel 2004 hanno costituito una societ\u00e0 tra professionisti (Studio Legale Galasso s.t.p.). La societ\u00e0 professionale, avvalendosi delle competenze specifiche di ciascuno dei suoi soci nonch\u00e9 [&hellip;]<\/p>\n","protected":false},"author":1,"featured_media":0,"parent":0,"menu_order":40,"comment_status":"closed","ping_status":"open","template":"","meta":{"footnotes":""},"class_list":["post-14722","page","type-page","status-publish","hentry","has-post-title","has-post-date","has-post-category","has-post-tag","has-post-comment","has-post-author",""],"builder_content":"<a href=\"https:\/\/studiolegalegalasso.it\/larticolo-di-licia-damico\/\" target=\"_blank\" rel=\"noopener\"> <img src=\"https:\/\/studiolegalegalasso.it\/wp-content\/uploads\/2024\/02\/1697212185620-1064x532.jpg\" width=\"1064\" height=\"532\" title=\"1697212185620\" alt=\"1697212185620\" srcset=\"https:\/\/studiolegalegalasso.it\/wp-content\/uploads\/2024\/02\/1697212185620-1064x532.jpg 1064w, https:\/\/studiolegalegalasso.it\/wp-content\/uploads\/2024\/02\/1697212185620-300x150.jpg 300w, https:\/\/studiolegalegalasso.it\/wp-content\/uploads\/2024\/02\/1697212185620-768x384.jpg 768w, https:\/\/studiolegalegalasso.it\/wp-content\/uploads\/2024\/02\/1697212185620.jpg 1024w\" sizes=\"(max-width: 1064px) 100vw, 1064px\" \/> <\/a> <a href=\"https:\/\/studiolegalegalasso.it\/save-the-date-18-ottobre-2023-ore-1800-universita-degli-studio-di-palermo\/\" target=\"_blank\" rel=\"noopener\"> <img src=\"https:\/\/studiolegalegalasso.it\/wp-content\/uploads\/2024\/02\/Tra-le-colonne-1-1064x532.jpg\" width=\"1064\" height=\"532\" title=\"Tra-le-colonne\" alt=\"Tra-le-colonne\" srcset=\"https:\/\/studiolegalegalasso.it\/wp-content\/uploads\/2024\/02\/Tra-le-colonne-1-1064x532.jpg 1064w, https:\/\/studiolegalegalasso.it\/wp-content\/uploads\/2024\/02\/Tra-le-colonne-1-300x150.jpg 300w, https:\/\/studiolegalegalasso.it\/wp-content\/uploads\/2024\/02\/Tra-le-colonne-1-768x384.jpg 768w, https:\/\/studiolegalegalasso.it\/wp-content\/uploads\/2024\/02\/Tra-le-colonne-1.jpg 1024w\" sizes=\"(max-width: 1064px) 100vw, 1064px\" \/> <\/a> <a href=\"https:\/\/studiolegalegalasso.it\/la-provincia-di-frosinone-ed-il-convegno-del-15-novembre-2022\/\" target=\"_blank\" rel=\"noopener\"> <img src=\"https:\/\/studiolegalegalasso.it\/wp-content\/uploads\/2022\/11\/Slide-Codice-Rosso-1024x512-1064x532.jpg\" width=\"1064\" height=\"532\" title=\"Slide-Codice-Rosso\" alt=\"Slide-Codice-Rosso\" srcset=\"https:\/\/studiolegalegalasso.it\/wp-content\/uploads\/2022\/11\/Slide-Codice-Rosso-1024x512-1064x532.jpg 1064w, https:\/\/studiolegalegalasso.it\/wp-content\/uploads\/2022\/11\/Slide-Codice-Rosso-300x150.jpg 300w, https:\/\/studiolegalegalasso.it\/wp-content\/uploads\/2022\/11\/Slide-Codice-Rosso-1024x512.jpg 1024w, https:\/\/studiolegalegalasso.it\/wp-content\/uploads\/2022\/11\/Slide-Codice-Rosso-768x384.jpg 768w, https:\/\/studiolegalegalasso.it\/wp-content\/uploads\/2022\/11\/Slide-Codice-Rosso.jpg 1200w\" sizes=\"(max-width: 1064px) 100vw, 1064px\" \/> <\/a> <img src=\"https:\/\/studiolegalegalasso.it\/wp-content\/uploads\/2022\/02\/Art-11-costituzione-1024x529-1064x550.jpg\" width=\"1064\" height=\"550\" title=\"Art-11-costituzione\" alt=\"Art-11-costituzione\" srcset=\"https:\/\/studiolegalegalasso.it\/wp-content\/uploads\/2022\/02\/Art-11-costituzione.jpg 1064w, https:\/\/studiolegalegalasso.it\/wp-content\/uploads\/2022\/02\/Art-11-costituzione-300x155.jpg 300w, https:\/\/studiolegalegalasso.it\/wp-content\/uploads\/2022\/02\/Art-11-costituzione-1024x529.jpg 1024w, https:\/\/studiolegalegalasso.it\/wp-content\/uploads\/2022\/02\/Art-11-costituzione-768x397.jpg 768w\" sizes=\"(max-width: 1064px) 100vw, 1064px\" \/> <a href=\"https:\/\/studiolegalegalasso.it\/speciale-marianna-manduca\/\" target=\"_blank\" rel=\"noopener\"> <img src=\"https:\/\/studiolegalegalasso.it\/wp-content\/uploads\/2020\/04\/Schermata-2020-04-09-alle-17.50.50-1024x528-1064x548.png\" width=\"1064\" height=\"548\" title=\"Schermata 2020-04-09 alle 17.50.50\" alt=\"Schermata 2020-04-09 alle 17.50.50\" srcset=\"https:\/\/studiolegalegalasso.it\/wp-content\/uploads\/2020\/04\/Schermata-2020-04-09-alle-17.50.50-1024x528-1064x548.png 1064w, https:\/\/studiolegalegalasso.it\/wp-content\/uploads\/2020\/04\/Schermata-2020-04-09-alle-17.50.50-300x155.png 300w, https:\/\/studiolegalegalasso.it\/wp-content\/uploads\/2020\/04\/Schermata-2020-04-09-alle-17.50.50-1024x528.png 1024w, https:\/\/studiolegalegalasso.it\/wp-content\/uploads\/2020\/04\/Schermata-2020-04-09-alle-17.50.50-768x396.png 768w, https:\/\/studiolegalegalasso.it\/wp-content\/uploads\/2020\/04\/Schermata-2020-04-09-alle-17.50.50.png 1204w\" sizes=\"(max-width: 1064px) 100vw, 1064px\" \/> <\/a> <a href=\"https:\/\/studiolegalegalasso.it\/speciale-marianna-manduca\/\" target=\"_blank\" rel=\"noopener\"> <img src=\"https:\/\/studiolegalegalasso.it\/wp-content\/uploads\/2008\/06\/Associazione-insieme-a-Marianna-1024x529-1064x550.jpg\" width=\"1064\" height=\"550\" title=\"Associazione-insieme-a-Marianna\" alt=\"Associazione-insieme-a-Marianna\" srcset=\"https:\/\/studiolegalegalasso.it\/wp-content\/uploads\/2008\/06\/Associazione-insieme-a-Marianna.jpg 1064w, https:\/\/studiolegalegalasso.it\/wp-content\/uploads\/2008\/06\/Associazione-insieme-a-Marianna-300x155.jpg 300w, https:\/\/studiolegalegalasso.it\/wp-content\/uploads\/2008\/06\/Associazione-insieme-a-Marianna-768x397.jpg 768w, https:\/\/studiolegalegalasso.it\/wp-content\/uploads\/2008\/06\/Associazione-insieme-a-Marianna-1024x529.jpg 1024w\" sizes=\"(max-width: 1064px) 100vw, 1064px\" \/> <\/a> <img src=\"https:\/\/studiolegalegalasso.it\/wp-content\/uploads\/2008\/06\/Galasso-53b-1064x550.jpg\" width=\"1064\" height=\"550\" title=\"Galasso-53b\" alt=\"Galasso-53b\" srcset=\"https:\/\/studiolegalegalasso.it\/wp-content\/uploads\/2008\/06\/Galasso-53b-1064x550.jpg 1064w, https:\/\/studiolegalegalasso.it\/wp-content\/uploads\/2008\/06\/Galasso-53b-300x155.jpg 300w, https:\/\/studiolegalegalasso.it\/wp-content\/uploads\/2008\/06\/Galasso-53b.jpg 615w\" sizes=\"(max-width: 1064px) 100vw, 1064px\" \/> <img src=\"https:\/\/studiolegalegalasso.it\/wp-content\/uploads\/2015\/11\/Studio-Legale-Galasso-Processo-Mafia-Capitale-1024x533-1064x554.jpg\" width=\"1064\" height=\"554\" title=\"Studio Legale Galasso Processo Mafia Capitale\" alt=\"Studio Legale Galasso Processo Mafia Capitale\" srcset=\"https:\/\/studiolegalegalasso.it\/wp-content\/uploads\/2015\/11\/Studio-Legale-Galasso-Processo-Mafia-Capitale.jpg 1064w, https:\/\/studiolegalegalasso.it\/wp-content\/uploads\/2015\/11\/Studio-Legale-Galasso-Processo-Mafia-Capitale-300x156.jpg 300w, https:\/\/studiolegalegalasso.it\/wp-content\/uploads\/2015\/11\/Studio-Legale-Galasso-Processo-Mafia-Capitale-1024x533.jpg 1024w\" sizes=\"(max-width: 1064px) 100vw, 1064px\" \/> <img src=\"https:\/\/studiolegalegalasso.it\/wp-content\/uploads\/2008\/06\/Avvocato-Licia-DAmico-1-1024x550-1064x571.jpg\" width=\"1064\" height=\"571\" title=\"Avvocato Licia D&#039;Amico\" alt=\"Avvocato Licia D&#039;Amico\" srcset=\"https:\/\/studiolegalegalasso.it\/wp-content\/uploads\/2008\/06\/Avvocato-Licia-DAmico-1-1024x550-1064x571.jpg 1064w, https:\/\/studiolegalegalasso.it\/wp-content\/uploads\/2008\/06\/Avvocato-Licia-DAmico-1-300x161.jpg 300w, https:\/\/studiolegalegalasso.it\/wp-content\/uploads\/2008\/06\/Avvocato-Licia-DAmico-1-768x413.jpg 768w, https:\/\/studiolegalegalasso.it\/wp-content\/uploads\/2008\/06\/Avvocato-Licia-DAmico-1.jpg 1024w\" sizes=\"(max-width: 1064px) 100vw, 1064px\" \/> <img src=\"https:\/\/studiolegalegalasso.it\/wp-content\/uploads\/2008\/06\/Il-Prof-Galasso-e-lavv-DAmico-sentenza-mafia-capitale-1-1064x709.jpg\" width=\"1064\" height=\"709\" title=\"Mafia Roma: Raggi, malaffare resta in agguato, guardia alta\" alt=\"Mafia Roma: Raggi, malaffare resta in agguato, guardia alta\" srcset=\"https:\/\/studiolegalegalasso.it\/wp-content\/uploads\/2008\/06\/Il-Prof-Galasso-e-lavv-DAmico-sentenza-mafia-capitale-1-1064x709.jpg 1064w, https:\/\/studiolegalegalasso.it\/wp-content\/uploads\/2008\/06\/Il-Prof-Galasso-e-lavv-DAmico-sentenza-mafia-capitale-1-300x200.jpg 300w, https:\/\/studiolegalegalasso.it\/wp-content\/uploads\/2008\/06\/Il-Prof-Galasso-e-lavv-DAmico-sentenza-mafia-capitale-1.jpg 700w\" sizes=\"(max-width: 1064px) 100vw, 1064px\" \/> <img src=\"https:\/\/studiolegalegalasso.it\/wp-content\/uploads\/2020\/03\/Galasso-TG2-2-1024x529-1064x550.jpg\" width=\"1064\" height=\"550\" title=\"Galasso-TG2-2\" alt=\"Galasso-TG2-2\" srcset=\"https:\/\/studiolegalegalasso.it\/wp-content\/uploads\/2020\/03\/Galasso-TG2-2.jpg 1064w, https:\/\/studiolegalegalasso.it\/wp-content\/uploads\/2020\/03\/Galasso-TG2-2-300x155.jpg 300w, https:\/\/studiolegalegalasso.it\/wp-content\/uploads\/2020\/03\/Galasso-TG2-2-1024x529.jpg 1024w, https:\/\/studiolegalegalasso.it\/wp-content\/uploads\/2020\/03\/Galasso-TG2-2-768x397.jpg 768w\" sizes=\"(max-width: 1064px) 100vw, 1064px\" \/> <img src=\"https:\/\/studiolegalegalasso.it\/wp-content\/uploads\/2014\/07\/Licia-TG2-1-1064x550.jpg\" width=\"1064\" height=\"550\" title=\"Studio Legale Galasso Avvocato Licia Damico\" alt=\"Studio Legale Galasso Avvocato Licia Damico\" srcset=\"https:\/\/studiolegalegalasso.it\/wp-content\/uploads\/2014\/07\/Licia-TG2-1.jpg 1064w, https:\/\/studiolegalegalasso.it\/wp-content\/uploads\/2014\/07\/Licia-TG2-1-300x155.jpg 300w, https:\/\/studiolegalegalasso.it\/wp-content\/uploads\/2014\/07\/Licia-TG2-1-1024x529.jpg 1024w\" sizes=\"(max-width: 1064px) 100vw, 1064px\" \/> <img src=\"https:\/\/studiolegalegalasso.it\/wp-content\/uploads\/2020\/03\/Avvocato-Prof-Pina-Palmeri-1-1064x550-1-1024x529-1064x550.jpg\" width=\"1064\" height=\"550\" title=\"Avvocato-Prof-Pina-Palmeri-1-1064x550\" alt=\"Avvocato-Prof-Pina-Palmeri-1-1064x550\" srcset=\"https:\/\/studiolegalegalasso.it\/wp-content\/uploads\/2020\/03\/Avvocato-Prof-Pina-Palmeri-1-1064x550-1.jpg 1064w, https:\/\/studiolegalegalasso.it\/wp-content\/uploads\/2020\/03\/Avvocato-Prof-Pina-Palmeri-1-1064x550-1-300x155.jpg 300w, https:\/\/studiolegalegalasso.it\/wp-content\/uploads\/2020\/03\/Avvocato-Prof-Pina-Palmeri-1-1064x550-1-1024x529.jpg 1024w, https:\/\/studiolegalegalasso.it\/wp-content\/uploads\/2020\/03\/Avvocato-Prof-Pina-Palmeri-1-1064x550-1-768x397.jpg 768w\" sizes=\"(max-width: 1064px) 100vw, 1064px\" \/>\n<h1 style=\"text-align: center;\"><strong>Benvenuti<\/strong><\/h1> <p style=\"text-align: justify;\">L\u2019Avv. Prof. Alfredo Galasso, l\u2019Avv. Prof. Giuseppa Palmeri, l\u2019Avv. Licia D\u2019Amico, dopo oltre un decennio di attivit\u00e0 professionale svolta insieme, dapprima in forma individuale raccordata, poi in forma associata, nel 2004 hanno costituito una societ\u00e0 tra professionisti (Studio Legale Galasso s.t.p.).<\/p> <p style=\"text-align: justify;\">La societ\u00e0 professionale, avvalendosi delle competenze specifiche di ciascuno dei suoi soci nonch\u00e9 di talune collaborazioni stabili, si occupa di processi penali, con difesa dell\u2019imputato ovvero assistenza della persona offesa e della parte civile, di controversie civili (contrattuali, risarcitorie, proprietarie e possessorie), di diritto di famiglia e dei minori, di diritto del lavoro, di diritto societario, di giustizia amministrativa.<\/p> <p style=\"text-align: justify;\">Lo Studio Legale Galasso dispone di due sedi, a Palermo e a Roma, ed \u00e8 impegnata nello svolgimento di attivit\u00e0 professionale su tutto il territorio nazionale. Collaborano stabilmente presso la sede di Roma l'avv. Benedetta Manasseri; presso la sede di Palermo\u00a0l'avv. Consuelo Alonge\u00a0e l'avv. Francesco Salvo.<\/p> <p style=\"text-align: center;\">\u00a0<\/p>\n<h2 style=\"text-align: center;\"><strong>Chi siamo<\/strong><\/h2>\n\n<h2 style=\"text-align: center;\"><strong>Collaborano con noi<\/strong><\/h2>\n\n<a href=\"https:\/\/studiolegalegalasso.it\/partners-esterni\/\" > Partner esterni <\/a>\n<h2 style=\"text-align: center;\"><strong>News 2024<\/strong><\/h2>\n\n<h2 style=\"text-align: center;\"><strong>News 2023<\/strong><\/h2>\n\n<h2 style=\"text-align: center;\"><strong>News 2022<\/strong><\/h2>\n\n<a href=\"https:\/\/studiolegalegalasso.it\/category\/news\/news-2022\/\" > Vai alle altre News del 2022 <\/a>\n<h2 style=\"text-align: center;\"><strong>Studio Legale Galasso<\/strong><\/h2> <h2 style=\"text-align: center;\"><strong>Le nostre esperienze<\/strong><\/h2> <p>\u00a0<\/p> <p>Lo Studio Legale Galasso s.t.p.\u00a0da molti anni \u00e8 protagonista in processi nei quali ha sostenuto\u00a0e difeso, con successo, diritti e libert\u00e0 fondamentali della gente comune.<\/p>\n\n<h2 style=\"text-align: center;\"><strong>Pubblicazioni<\/strong><\/h2>\n\n<a href=\"https:\/\/studiolegalegalasso.it\/sicilia-il-nuovo-libro-di-alfredo-galasso\/\" target=\"_blank\" rel=\"noopener\"> <img src=\"https:\/\/studiolegalegalasso.it\/wp-content\/uploads\/2022\/12\/41GMVmQISPL._AC_UL320_-160x240.jpg\" width=\"160\" height=\"240\" title=\"41GMVmQISPL._AC_UL320_\" alt=\"Sicilia\"> <\/a> <h3> <a href=\"https:\/\/studiolegalegalasso.it\/sicilia-il-nuovo-libro-di-alfredo-galasso\/\" target=\"_blank\" rel=\"noopener\">Sicilia<\/a> <\/h3> <a href=\"https:\/\/studiolegalegalasso.it\/libro-la-mafia-che-ho-conosciuto\/\" target=\"_blank\" rel=\"noopener\"> <img src=\"https:\/\/studiolegalegalasso.it\/wp-content\/uploads\/2020\/07\/Alfredo-Galasso-la-mafia-che-ho-conosciuto-4-700x1024-160x240.jpg\" width=\"160\" height=\"240\" title=\"Alfredo-Galasso---la-mafia-che-ho-conosciuto\" alt=\"La mafia che ho conosciuto\"> <\/a> <h3> <a href=\"https:\/\/studiolegalegalasso.it\/libro-la-mafia-che-ho-conosciuto\/\" target=\"_blank\" rel=\"noopener\">La mafia che ho conosciuto<\/a> <\/h3> <a href=\"https:\/\/studiolegalegalasso.it\/il-processo-di-mafia\/\" target=\"_blank\" rel=\"noopener\"> <img src=\"https:\/\/studiolegalegalasso.it\/wp-content\/uploads\/2018\/01\/Il-Processo-di-Mafia-Copertina-1-1-160x240.jpg\" width=\"160\" height=\"240\" title=\"Il Processo di Mafia Copertina 1 1\" alt=\"Il Processo di mafia\"> <\/a> <h3> <a href=\"https:\/\/studiolegalegalasso.it\/il-processo-di-mafia\/\" target=\"_blank\" rel=\"noopener\">Il Processo di mafia<\/a> <\/h3> <a href=\"https:\/\/studiolegalegalasso.it\/il-nuovo-libro-di-alfredo-galasso-mafia-vita-di-un-uomo-di-mondo\/\" target=\"_blank\" rel=\"noopener\"> <img src=\"https:\/\/studiolegalegalasso.it\/wp-content\/uploads\/2018\/01\/Schermata-2018-01-22-alle-18.21.32-160x240.png\" width=\"160\" height=\"240\" title=\"Schermata 2018 01 22 alle 18.21.32\" alt=\"Mafia - Vita di un uomo di mondo\"> <\/a> <h3> <a href=\"https:\/\/studiolegalegalasso.it\/il-nuovo-libro-di-alfredo-galasso-mafia-vita-di-un-uomo-di-mondo\/\" target=\"_blank\" rel=\"noopener\">Mafia - Vita di un uomo di mondo<\/a> <\/h3> <a href=\"https:\/\/studiolegalegalasso.it\/?p=3263\" target=\"_blank\" rel=\"noopener\"> <img src=\"https:\/\/studiolegalegalasso.it\/wp-content\/uploads\/2014\/07\/Studio-Legale-Galasso-Nuova-giurisprudenza-civile-160x240.jpg\" width=\"160\" height=\"240\" title=\"Studio-Legale-Galasso-Nuova-giurisprudenza-civile\" alt=\"La nuova Giurisprudenza Civile commentata\"> <\/a> <h3> <a href=\"https:\/\/studiolegalegalasso.it\/?p=3263\" target=\"_blank\" rel=\"noopener\">La nuova Giurisprudenza Civile commentata<\/a> <\/h3> <a href=\"https:\/\/studiolegalegalasso.it\/diritto-civile\/\" target=\"_blank\" rel=\"noopener\"> <img src=\"https:\/\/studiolegalegalasso.it\/wp-content\/uploads\/2014\/07\/diritto-civile1-160x240.jpg\" width=\"160\" height=\"240\" title=\"diritto civile1\" alt=\"Diritto Civile\"> <\/a> <h3> <a href=\"https:\/\/studiolegalegalasso.it\/diritto-civile\/\" target=\"_blank\" rel=\"noopener\">Diritto Civile<\/a> <\/h3> <a href=\"https:\/\/studiolegalegalasso.it\/nuovo-manuale-diritto-privato\/\" target=\"_blank\" rel=\"noopener\"> <img src=\"https:\/\/studiolegalegalasso.it\/wp-content\/uploads\/2014\/07\/Studio-Legale-Galasso-Manuale-del-diritto-privato-160x240.png\" width=\"160\" height=\"240\" title=\"Studio Legale Galasso Manuale del diritto privato\" alt=\"Nuovo Manuale del Diritto Privato\"> <\/a> <h3> <a href=\"https:\/\/studiolegalegalasso.it\/nuovo-manuale-diritto-privato\/\" target=\"_blank\" rel=\"noopener\">Nuovo Manuale del Diritto Privato<\/a> <\/h3> <a href=\"https:\/\/studiolegalegalasso.it\/?p=3035\" target=\"_blank\" rel=\"noopener\"> <img src=\"https:\/\/studiolegalegalasso.it\/wp-content\/uploads\/2014\/07\/diritto-privato-160x240.png\" width=\"160\" height=\"240\" title=\"diritto privato\" alt=\"Manuale Ipertestuale del Diritto Privato\"> <\/a> <h3> <a href=\"https:\/\/studiolegalegalasso.it\/?p=3035\" target=\"_blank\" rel=\"noopener\">Manuale Ipertestuale del Diritto Privato<\/a> <\/h3> <a href=\"https:\/\/studiolegalegalasso.it\/?p=3038\" target=\"_blank\" rel=\"noopener\"> <img src=\"https:\/\/studiolegalegalasso.it\/wp-content\/uploads\/2014\/07\/regimepatrimoniale1-160x240.png\" width=\"160\" height=\"240\" title=\"regimepatrimoniale1\" alt=\"Regime patrimoniale della famiglia - tomo I\"> <\/a> <h3> <a href=\"https:\/\/studiolegalegalasso.it\/?p=3038\" target=\"_blank\" rel=\"noopener\">Regime patrimoniale della famiglia - tomo I<\/a> <\/h3> <a href=\"https:\/\/studiolegalegalasso.it\/regime-patrimoniale-famiglia-2\/\" target=\"_blank\" rel=\"noopener\"> <img src=\"https:\/\/studiolegalegalasso.it\/wp-content\/uploads\/2014\/07\/Regime-patrimoniale-della-famiglia-2-160x240.png\" width=\"160\" height=\"240\" title=\"Regime patrimoniale della famiglia 2\" alt=\"Regime patrimoniale della famiglia - tomo II\"> <\/a> <h3> <a href=\"https:\/\/studiolegalegalasso.it\/regime-patrimoniale-famiglia-2\/\" target=\"_blank\" rel=\"noopener\">Regime patrimoniale della famiglia - tomo II<\/a> <\/h3> <a href=\"https:\/\/studiolegalegalasso.it\/?p=3047\" target=\"_blank\" rel=\"noopener\"> <img src=\"https:\/\/studiolegalegalasso.it\/wp-content\/uploads\/2014\/07\/comodato1-160x240.png\" width=\"160\" height=\"240\" title=\"comodato1\" alt=\"Trattato di Diritto Civile e Commerciale Il Comodato\"> <\/a> <h3> <a href=\"https:\/\/studiolegalegalasso.it\/?p=3047\" target=\"_blank\" rel=\"noopener\">Trattato di Diritto Civile e Commerciale Il Comodato<\/a> <\/h3> <a href=\"https:\/\/studiolegalegalasso.it\/principio-di-gratuita\/\" target=\"_blank\" rel=\"noopener\"> <img src=\"https:\/\/studiolegalegalasso.it\/wp-content\/uploads\/2014\/07\/principio-160x240.png\" width=\"160\" height=\"240\" title=\"principio\" alt=\"Il principio di gratuit\u00e0\"> <\/a> <h3> <a href=\"https:\/\/studiolegalegalasso.it\/principio-di-gratuita\/\" target=\"_blank\" rel=\"noopener\">Il principio di gratuit\u00e0<\/a> <\/h3> <a href=\"https:\/\/studiolegalegalasso.it\/disciplina-ogm\/\" target=\"_blank\" rel=\"noopener\"> <img src=\"https:\/\/studiolegalegalasso.it\/wp-content\/uploads\/2014\/07\/disciplinaogm-160x240.png\" width=\"160\" height=\"240\" title=\"disciplinaogm\" alt=\"Il principio di precauzione nella disciplina degli OGM\"> <\/a> <h3> <a href=\"https:\/\/studiolegalegalasso.it\/disciplina-ogm\/\" target=\"_blank\" rel=\"noopener\">Il principio di precauzione nella disciplina degli OGM<\/a> <\/h3> <a href=\"https:\/\/studiolegalegalasso.it\/?p=3062\" target=\"_blank\" rel=\"noopener\"> <img src=\"https:\/\/studiolegalegalasso.it\/wp-content\/uploads\/2014\/07\/mafia-160x240.png\" width=\"160\" height=\"240\" title=\"mafia\" alt=\"La Mafia non esiste\"> <\/a> <h3> <a href=\"https:\/\/studiolegalegalasso.it\/?p=3062\" target=\"_blank\" rel=\"noopener\">La Mafia non esiste<\/a> <\/h3> <a href=\"https:\/\/studiolegalegalasso.it\/?p=3067\" target=\"_blank\" rel=\"noopener\"> <img src=\"https:\/\/studiolegalegalasso.it\/wp-content\/uploads\/2014\/07\/mafia-politica-160x240.png\" width=\"160\" height=\"240\" title=\"mafia-politica\" alt=\"La mafia politica\"> <\/a> <h3> <a href=\"https:\/\/studiolegalegalasso.it\/?p=3067\" target=\"_blank\" rel=\"noopener\">La mafia politica<\/a> <\/h3>\n<h2 style=\"text-align: center;\"><strong>Audio e Video<\/strong><\/h2>\n<a href=\"https:\/\/studiolegalegalasso.it\/archivio-audio-video\/\" > Vai all'archivio Audio\/Video <\/a>","_links":{"self":[{"href":"https:\/\/studiolegalegalasso.it\/en\/wp-json\/wp\/v2\/pages\/14722","targetHints":{"allow":["GET"]}}],"collection":[{"href":"https:\/\/studiolegalegalasso.it\/en\/wp-json\/wp\/v2\/pages"}],"about":[{"href":"https:\/\/studiolegalegalasso.it\/en\/wp-json\/wp\/v2\/types\/page"}],"author":[{"embeddable":true,"href":"https:\/\/studiolegalegalasso.it\/en\/wp-json\/wp\/v2\/users\/1"}],"replies":[{"embeddable":true,"href":"https:\/\/studiolegalegalasso.it\/en\/wp-json\/wp\/v2\/comments?post=14722"}],"version-history":[{"count":7,"href":"https:\/\/studiolegalegalasso.it\/en\/wp-json\/wp\/v2\/pages\/14722\/revisions"}],"predecessor-version":[{"id":21532,"href":"https:\/\/studiolegalegalasso.it\/en\/wp-json\/wp\/v2\/pages\/14722\/revisions\/21532"}],"wp:attachment":[{"href":"https:\/\/studiolegalegalasso.it\/en\/wp-json\/wp\/v2\/media?parent=14722"}],"curies":[{"name":"wp","href":"https:\/\/api.w.org\/{rel}","templated":true}]}}